{"version":"1.0","provider_name":"2016. A Danubius Tanul\u00f3verseny gy\u0151ztesei Eur\u00f3p\u00e1ban","provider_url":"https:\/\/kingsofdanubius.cafeblog.hu","author_name":"Danubius Champions","author_url":"https:\/\/kingsofdanubius.cafeblog.hu\/author\/danubius_champions\/","title":"04.16 Szombat","html":"<p>A mai napunk nagyon \u00e9lm\u00e9nyd\u00fas, valamint programd\u00fas volt! Ma szabadnapos voltam, \u00edgy el\u0151sz\u00f6r egy k\u00f6z\u00f6s reggelivel kezdt\u00fck a napot, majd metr\u00f3val elment\u00fcnk a belv\u00e1rosi piacra. Meg kell mondani, voltak egy p\u00e1ran! A fi\u00fak nagyon sokat n\u00e9zel\u0151dtek, volt minden, mi szem-sz\u00e1jnak ingere!<\/p>\r\n<p>A bolha piact\u00f3l indultunk, majd k\u00f6rbe \u00e9rve ment\u00fcnk a rendes piacra. Nagy \u00e9lm\u00e9ny volt, ny\u00fczs\u00f6gtek az emberek! Szint\u00e9n volt minden, amit csak akartunk, hab\u00e1r n\u00e9hol az \u00e1rak elszaladtak, de ha j\u00f3 a min\u0151s\u00e9g, meg\u00e9ri a plusz p\u00e9nzt :D \u00a0A piacon be\u00fcl\u00fcnk inni egy friss\u00edt\u0151t, majd ment\u00fcnk is tov\u00e1bb.<\/p>\r\n<p>Elment\u00fcnk a Stadtparkba! Nagyon sz\u00e9p, nyugalmas hely. Nagyon sokan m\u00e1r kifek\u00fcdtek napozni, volt, aki csak szimpl\u00e1n \u00e9lvezte a j\u00f3 id\u0151t, de nagyon sokan sportoltak is. Visszat\u00e9rve a sz\u00e1ll\u00e1sra mindenki megette az eb\u00e9det, \u00e9s ut\u00e1na egy \u00fajabb t\u00far\u00e1ra indultunk a sz\u00e1ll\u00e1sunk m\u00f6g\u00f6tt lev\u0151 domboldalra. Nagy nehezen felm\u00e1sztunk a meredek domboldalon, m\u00e1r n\u00e9hol alig b\u00edrtunk menni, de fel\u00e9rve leny\u0171g\u00f6z\u0151 panor\u00e1ma t\u00e1rult el\u00e9nk a v\u00e1rosr\u00f3l. Egyszer\u0171en leny\u0171g\u00f6z\u0151 l\u00e1tv\u00e1ny volt! Megpihent\u00fcnk, csin\u00e1ltunk sok k\u00e9pet, majd elindultunk vissza a sz\u00e1ll\u00e1sra.<\/p>\r\n<p>Ittunk egy j\u00f3 k\u00e1v\u00e9t, \u00e9s egy kis j\u00e1t\u00e9kkal \u00fct\u00f6tt\u00fck el az id\u0151t. Ut\u00e1na egy\u00fctt vacsor\u00e1ztunk, mint minden este. De volt olyan is, aki m\u00e9g dolgozott, \u0151 k\u00e9s\u0151bb tudott csak vacsor\u00e1zni. Vacsora ut\u00e1n felj\u00f6tt\u00fcnk a szob\u00e1ba \u00e9s besz\u00e9lgett\u00fcnk. Ut\u00e1na elment\u00fcnk f\u00fcr\u00f6dni, \u00e9s mindenki k\u00e9sz\u00fcl a holnapi kir\u00e1ndul\u00e1sra, ami ism\u00e9t nagy sz\u00f3rakoz\u00e1snak indul.\u00a0<\/p>\r\n<p><a href=\"https:\/\/kingsofdanubius.cafeblog.hu\/files\/2016\/04\/0416_BR\u00e9ka_hegyen.jpg\"><img class=\"alignnone size-medium wp-image-177\" src=\"https:\/\/kingsofdanubius.cafeblog.hu\/files\/2016\/04\/0416_Naschmarkt2-225x300.jpg\" alt=\"0416_Naschmarkt2\" width=\"225\" height=\"300\" \/>\u00a0<img class=\"alignnone size-medium wp-image-176\" src=\"https:\/\/kingsofdanubius.cafeblog.hu\/files\/2016\/04\/0416_BR\u00e9ka_stadtpark-225x300.jpg\" alt=\"0416_BR\u00e9ka_stadtpark\" width=\"225\" height=\"300\" \/><img class=\"alignnone size-medium wp-image-179\" src=\"https:\/\/kingsofdanubius.cafeblog.hu\/files\/2016\/04\/0416_BR_SA_TL_BL4-300x169.jpg\" alt=\"0416_BR_SA_TL_BL4\" width=\"300\" height=\"169\" \/>\u00a0<img class=\"alignnone size-medium wp-image-175\" src=\"https:\/\/kingsofdanubius.cafeblog.hu\/files\/2016\/04\/0416_BR\u00e9ka_hegyen-225x300.jpg\" alt=\"0416_BR\u00e9ka_hegyen\" width=\"225\" height=\"300\" \/><\/a> \u00a0\u00a0<a href=\"https:\/\/kingsofdanubius.cafeblog.hu\/files\/2016\/04\/0416_BR\u00e9ka2.jpg\"><img class=\"alignnone size-medium wp-image-180\" src=\"https:\/\/kingsofdanubius.cafeblog.hu\/files\/2016\/04\/0416_BR\u00e9ka2-169x300.jpg\" alt=\"0416_BR\u00e9ka2\" width=\"169\" height=\"300\" \/><\/a><\/p>\r\n<p>R\u00e9ka :)\u00a0<\/p>","type":"rich"}